{"id":1239,"date":"2022-03-10T12:02:10","date_gmt":"2022-03-10T11:02:10","guid":{"rendered":"https:\/\/iterem.com\/?page_id=1239"},"modified":"2024-12-04T11:19:17","modified_gmt":"2024-12-04T10:19:17","slug":"kit-digital","status":"publish","type":"page","link":"https:\/\/iterem.com\/ca\/kit-digital\/","title":{"rendered":"Kit digital"},"content":{"rendered":"<p><img decoding=\"async\" loading=\"lazy\" class=\"alignnone size-full\" style=\"margin-bottom: 20px;\" src=\"https:\/\/iterem.com\/wp-content\/uploads\/logos-digitalizadores.png\" alt=\"\" width=\"1051\" height=\"81\"><\/p>\n<h2>El programa Kit Digital \u00e9s una iniciativa del Govern d&#8217;Espanya dins del Pla de Recuperaci\u00f3, Transformaci\u00f3 i Resili\u00e8ncia finan\u00e7at per la Uni\u00f3 Europea-Next Generation EU.<\/h2>\n<h3><span style=\"color: #edb713;\">FINS A 29.000\u20ac PER IMPULSAR LA TRANSFORMACI\u00d3 DIGITAL<\/span><\/h3>\n<p>Ajudes fins a 29.000\u20ac a fons perdut dirigides a aut\u00f2noms, microempreses i pimes de fins a 250 persones treballadores de qualsevol sector que vulguin impulsar la seva transformaci\u00f3 digital.<\/p>\n<p>El Kit Digital t\u00e9 com a objectiu subvencionar la implantaci\u00f3 de solucions digitals disponibles en el mercat que millorin la competitivitat de les pimes i persones en situaci\u00f3 d&#8217;autoocupaci\u00f3 per a aconseguir un avan\u00e7 significatiu en el nivell de maduresa digital del teixit productiu empresarial espanyol.<\/p>\n<p><\/p>\n<h4 style=\"float: right;\"><a href=\"#blahlab-widget-contact-details-11\"> Contacta\u2019ns per m\u00e9s informaci\u00f3 <i class=\"fa fa-comments\"><\/i><\/a><\/h4>\n<p><strong>APROFITA AQUESTA OPORTUNITAT!<\/strong><\/p>\n<div class=\"mod modIconText moveup appear large-6 columns bg-kit\" data-delay=\"0\" data-connectors=\"1\">\n<div class=\"icon-text-advanced\"><a href=\"https:\/\/www.acelerapyme.gob.es\/kit-digital\" target=\"_blank\" rel=\"noopener\"><i class=\"fa fa-gift\" style=\"margin-bottom: 0; margin-right: 15px;\"><\/i>Coneix el Programa Kit digital<\/a><\/div>\n<\/div>\n<div class=\"mod modIconText moveup appear large-6 columns bg-kit\" data-delay=\"0\" data-connectors=\"1\">\n<div class=\"icon-text-advanced\"><a href=\"https:\/\/acelerapyme.gob.es\/sites\/acelerapyme\/files\/2022-01\/Kit_Digital_Gui%CC%81a_pymes_13-01-22.pdf\" target=\"_blank\" rel=\"noopener\"><i class=\"fa fa-book\" style=\"margin-bottom: 0; margin-right: 15px;\"><\/i>Guia del beneficiari<\/a><\/div>\n<\/div>\n\n\n<div style=\"height:100px\" aria-hidden=\"true\" class=\"wp-block-spacer\"><\/div>\n\n\n<h3>Imports de les ajudes segons categories<\/h3>\n<table width=\"100%\">\n<tbody>\n<tr>\n<td>&nbsp;<\/td>\n<td><strong>Gesti\u00f3 de Clients<\/strong><\/td>\n<td><strong>Gesti\u00f3 de processos<\/strong><\/td>\n<td><strong>*Business *Intelligence i anal\u00edtica<\/strong><\/td>\n<\/tr>\n<tr>\n<td><strong>Entre 1 i 2 persones treballadores<\/strong><\/td>\n<td>2.000 \u20ac (inclou 1 usuari)<\/td>\n<td>2.000 \u20ac (inclou 1 usuari)<\/td>\n<td>2.000 \u20ac (inclou 1 usuari)<\/td>\n<\/tr>\n<tr>\n<td><strong>Entre 3 i 9 persones treballadores<\/strong><\/td>\n<td>2.000 \u20ac (inclou 1 usuari)<\/td>\n<td>3.000 \u20ac (inclou 3 usuaris)<\/td>\n<td>2.000 \u20ac (inclou 1 usuari)<\/td>\n<\/tr>\n<tr>\n<td><strong>Entre 10 i 49 persones treballadores<\/strong><\/td>\n<td>4.000 \u20ac (inclou 3 usuaris)<\/td>\n<td>6.000 \u20ac (inclou 10 usuaris)<\/td>\n<td>4.000 \u20ac (inclou 3 usuaris)<\/td>\n<\/tr>\n<tr>\n<td><strong>Entre 50 i 99 persones treballadores<\/strong><\/td>\n<td>10.000 \u20ac (inclou 10 usuaris)<\/td>\n<td>15.000 \u20ac (inclou 20 usuaris)<\/td>\n<td>7.000 \u20ac (inclou 10 usuaris)<\/td>\n<\/tr>\n<tr>\n<td><strong>Entre 100 i 250 persones treballadores<\/strong><\/td>\n<td>14.000 \u20ac (inclou 15 usuaris)<\/td>\n<td>18.000 \u20ac (inclou 25 usuaris)<\/td>\n<td>8.000 \u20ac (inclou 15 usuaris)<\/td>\n<\/tr>\n<\/tbody>\n<\/table>\n<p><small>* En totes les categories el temps de prestaci\u00f3 del servei \u00e9s de 12 mesos.<\/small><\/p>\n\n\n<div style=\"height:100px\" aria-hidden=\"true\" class=\"wp-block-spacer\"><\/div>\n\n\n\t\t\t\t\t\t\t<h3 style=\"margin-bottom:20px ;display:block;width:100%;margin-top:10px\">Cat\u00e0leg de solucions <\/h3>\r\n\t\t\t\t\t\t\t\t<style>\r\n\t\t\t\t\r\n\t\t\t\t\t#tab_container_1309 {\r\n\toverflow:hidden;\r\n\tdisplay:block;\r\n\twidth:100%;\r\n\tborder:0px solid #ddd;\r\n\tmargin-bottom:30px;\r\n\t}\r\n\r\n#tab_container_1309 .tab-content{\r\n\tpadding:20px;\r\n\tborder: 1px solid #e6e6e6 !important;\r\n\tmargin-top: 0px;\r\n\tbackground-color:#ffffff !important;\r\n\tcolor: #000000 !important;\r\n\tfont-size:12px !important;\r\n\tfont-family: sans-serif !important;\r\n\t\r\n\t\tborder: 1px solid #e6e6e6 !important;\r\n\t}\r\n#tab_container_1309 .wpsm_nav-tabs {\r\n    border-bottom: 0px solid #ddd;\r\n}\r\n#tab_container_1309 .wpsm_nav-tabs > li.active > a, #tab_container_1309 .wpsm_nav-tabs > li.active > a:hover, #tab_container_1309 .wpsm_nav-tabs > li.active > a:focus {\r\n\tcolor: #ffffff !important;\r\n\tcursor: default;\r\n\tbackground-color: #000000 !important;\r\n\tborder: 1px solid #000000 !important;\r\n}\r\n\r\n#tab_container_1309 .wpsm_nav-tabs > li > a {\r\n    margin-right: 0px !important; \r\n    line-height: 1.42857143 !important;\r\n    border: 1px solid #d5d5d5 !important;\r\n    border-radius: 0px 0px 0 0 !important; \r\n\tbackground-color: #e8e8e8 !important;\r\n\tcolor: #000000 !important;\r\n\tpadding: 15px 18px 15px 18px !important;\r\n\ttext-decoration: none !important;\r\n\tfont-size: 18px !important;\r\n\ttext-align:center !important;\r\n\tfont-family: sans-serif !important;\r\n}\r\n#tab_container_1309 .wpsm_nav-tabs > li > a:focus {\r\noutline: 0px !important;\r\n}\r\n\r\n#tab_container_1309 .wpsm_nav-tabs > li > a:before {\r\n\tdisplay:none !important;\r\n}\r\n#tab_container_1309 .wpsm_nav-tabs > li > a:after {\r\n\tdisplay:none !important ;\r\n}\r\n#tab_container_1309 .wpsm_nav-tabs > li{\r\npadding:0px !important ;\r\nmargin:0px;\r\n}\r\n\r\n#tab_container_1309 .wpsm_nav-tabs > li > a:hover , #tab_container_1309 .wpsm_nav-tabs > li > a:focus {\r\n    color: #000000 !important;\r\n    background-color: #e8e8e8 !important;\r\n\tborder: 1px solid #d5d5d5 !important;\r\n\t\r\n}\r\n#tab_container_1309 .wpsm_nav-tabs > li > a .fa{\r\n\r\nmargin-right:5px !important;\r\n\r\nmargin-left:5px !important;\r\n\r\n\r\n}\r\n\r\n\t\t#tab_container_1309 .wpsm_nav-tabs a{\r\n\t\t\tbackground-image: none;\r\n\t\t\tbackground-position: 0 0;\r\n\t\t\tbackground-repeat: repeat-x;\r\n\t\t}\r\n\t\t\t\r\n\r\n\r\n#tab_container_1309 .wpsm_nav-tabs > li {\r\n    float: left;\r\n    margin-bottom: -1px !important;\r\n\tmargin-right:0px !important; \r\n}\r\n\r\n\r\n#tab_container_1309 .tab-content{\r\noverflow:hidden !important;\r\n}\r\n\r\n\r\n@media (min-width: 769px) {\r\n\r\n\t#tab_container_1309 .wpsm_nav-tabs > li{\r\n\t\tfloat:left !important ;\r\n\t\t\t\tmargin-right:-1px !important;\r\n\t\t\t\t\t}\r\n\t#tab_container_1309 .wpsm_nav-tabs{\r\n\t\tfloat:none !important;\r\n\t\tmargin:0px !important;\r\n\t}\r\n\r\n\t#tab_container_1309 .wpsm_nav-tabs > li {\r\n\t\t\t\t\r\n\t}\r\n\t#tab_container_1309 .wpsm_nav{\r\n\t\t\t}\r\n\r\n}\r\n\r\n\r\n\r\n@media (max-width: 768px) {\r\n\t#tab_container_1309 .wpsm_nav-tabs > li {\r\n\t\t\t\t\r\n\t}\r\n\t#tab_container_1309 .wpsm_nav{\r\n\t\t\t}\r\n}\r\n\r\n\r\n\t.wpsm_nav-tabs li:before{\r\n\t\tdisplay:none !important;\r\n\t}\r\n\r\n\t@media (max-width: 768px) {\r\n\t\t\t\t\r\n\t\t\t\t.wpsm_nav-tabs{\r\n\t\t\tmargin-left:0px !important;\r\n\t\t\tmargin-right:0px !important; \r\n\t\t\t\r\n\t\t}\r\n\t\t\t\t#tab_container_1309 .wpsm_nav-tabs > li{\r\n\t\t\tfloat:none !important;\r\n\t\t}\r\n\t\t\t\r\n\t}\t\t\t\t<\/style>\r\n\t\t\t\t<div id=\"tab_container_1309\" >\r\n\t \r\n\t\t\t\t\t<ul class=\"wpsm_nav wpsm_nav-tabs\" role=\"tablist\" id=\"myTab_1309\">\r\n\t\t\t\t\t\t\t\r\n\t\t\t\t\t\t\t<li role=\"presentation\"  class=\"active\"  onclick=\"do_resize()\">\r\n\t\t\t\t\t\t\t\t<a href=\"#tabs_desc_1309_1\" aria-controls=\"tabs_desc_1309_1\" role=\"tab\" data-toggle=\"tab\">\r\n\t\t\t\t\t\t\t\t\t\r\n\t\t\t\t\t\t\t\t\t\t\t\t\t\t\t\t\t\t\t\t\t\t\t\t\t\t\t\t\t\t\t<i class=\"fa fa-users\"><\/i> \t\t\t\t\t\t\t\t\t\t\t\t\t\t\t\t\t\t\t\r\n\t\t\t\t\t\t\t\t\t\t\t\t\t\t\t\t\t\t\r\n\t\t\t\t\t\t\t\t\t<span>Gesti\u00f3 de clients<\/span>\r\n\t\t\t\t\t\t\t\t\t\r\n\t\t\t\t\t\t\t\t\t\t\t\t\t\t\t\t\t\t\r\n\t\t\t\t\t\t\t\t\t\t\t\t\t\t\t\t\t\t\t\t\r\n\t\t\t\t\t\t\t\t\t\r\n\t\t\t\t\t\t\t\t<\/a>\r\n\t\t\t\t\t\t\t<\/li>\r\n\t\t\t\t\t\t\t\r\n\t\t\t\t\t\t\t<li role=\"presentation\"  onclick=\"do_resize()\">\r\n\t\t\t\t\t\t\t\t<a href=\"#tabs_desc_1309_2\" aria-controls=\"tabs_desc_1309_2\" role=\"tab\" data-toggle=\"tab\">\r\n\t\t\t\t\t\t\t\t\t\r\n\t\t\t\t\t\t\t\t\t\t\t\t\t\t\t\t\t\t\t\t\t\t\t\t\t\t\t\t\t\t\t<i class=\"fa fa-retweet\"><\/i> \t\t\t\t\t\t\t\t\t\t\t\t\t\t\t\t\t\t\t\r\n\t\t\t\t\t\t\t\t\t\t\t\t\t\t\t\t\t\t\r\n\t\t\t\t\t\t\t\t\t<span>Gesti\u00f3 de processos<\/span>\r\n\t\t\t\t\t\t\t\t\t\r\n\t\t\t\t\t\t\t\t\t\t\t\t\t\t\t\t\t\t\r\n\t\t\t\t\t\t\t\t\t\t\t\t\t\t\t\t\t\t\t\t\r\n\t\t\t\t\t\t\t\t\t\r\n\t\t\t\t\t\t\t\t<\/a>\r\n\t\t\t\t\t\t\t<\/li>\r\n\t\t\t\t\t\t\t\r\n\t\t\t\t\t\t\t<li role=\"presentation\"  onclick=\"do_resize()\">\r\n\t\t\t\t\t\t\t\t<a href=\"#tabs_desc_1309_3\" aria-controls=\"tabs_desc_1309_3\" role=\"tab\" data-toggle=\"tab\">\r\n\t\t\t\t\t\t\t\t\t\r\n\t\t\t\t\t\t\t\t\t\t\t\t\t\t\t\t\t\t\t\t\t\t\t\t\t\t\t\t\t\t\t<i class=\"fa fa-bar-chart-o\"><\/i> \t\t\t\t\t\t\t\t\t\t\t\t\t\t\t\t\t\t\t\r\n\t\t\t\t\t\t\t\t\t\t\t\t\t\t\t\t\t\t\r\n\t\t\t\t\t\t\t\t\t<span>Business Intelligence i Anal\u00edtica<\/span>\r\n\t\t\t\t\t\t\t\t\t\r\n\t\t\t\t\t\t\t\t\t\t\t\t\t\t\t\t\t\t\r\n\t\t\t\t\t\t\t\t\t\t\t\t\t\t\t\t\t\t\t\t\r\n\t\t\t\t\t\t\t\t\t\r\n\t\t\t\t\t\t\t\t<\/a>\r\n\t\t\t\t\t\t\t<\/li>\r\n\t\t\t\t\t\t\t\t\t\t\t <\/ul>\r\n\r\n\t\t\t\t\t  <!-- Tab panes -->\r\n\t\t\t\t\t  <div class=\"tab-content\" id=\"tab-content_1309\">\r\n\t\t\t\t\t\t\t\t\t\t\t\t <div role=\"tabpanel\" class=\"tab-pane  in active \" id=\"tabs_desc_1309_1\">\r\n\t\t\t\t\t\t\t\t<table>\r\n<thead>\r\n<tr>\r\n<td colspan=\"5\"><strong style=\"color: #333333\">GESTI\u00d3 DE CLIENTS<\/strong><br>\r\nDigitalitzar i optimitzar la gesti\u00f3 de les relacions comercials amb els clients.<\/td>\r\n<\/tr>\r\n<tr>\r\n<td><strong>Soluci\u00f3<\/strong><\/td>\r\n<td><strong>Sector\/ \u00c0mbit<\/strong><\/td>\r\n<td><strong>Preus del servei<\/strong><\/td>\r\n<td><strong>Qu\u00e8 inclou?<\/strong><\/td>\r\n<\/tr>\r\n<\/thead>\r\n<tbody>\r\n<tr>\r\n<td>Gesti\u00f3 integral de clients i reserves<\/td>\r\n<td>Activitats de mediaci\u00f3 en la venda o organitzaci\u00f3 de serveis de reserves.<\/td>\r\n<td>A partir de 6.000\u20ac<\/td>\r\n<td>Setup i configuraci\u00f3: parametritzaci\u00f3 per la definici\u00f3 de les particularitats dels processos de negoci, aix\u00ed com per la c\u00e0rrega de dades.<\/td>\r\n<\/tr>\r\n<\/tbody>\r\n<thead>\r\n<tr>\r\n<td colspan=\"5\"><strong>Descripci\u00f3 del servei<\/strong><\/td>\r\n<\/tr>\r\n<\/thead>\r\n<tbody>\r\n<tr>\r\n<td colspan=\"5\">Aquest proc\u00e9s \u00e9s essencial per a la posterior implantaci\u00f3 i desplegament de la soluci\u00f3 de digitalitzaci\u00f3 que proporciona, com a m\u00ednim, les funcionalitats i serveis que es detallen a continuaci\u00f3:<p><\/p>\r\n<ul>\r\n<li>Gesti\u00f3 de Clients: la soluci\u00f3 emmagatzema i permet la consulta de dades de cada client des de la seva alta com a oportunitat de negoci i la simulaci\u00f3 de compra de productes o contractaci\u00f3 de serveis.<\/li>\r\n<li>Gesti\u00f3 de Clients potencials (Leads): la soluci\u00f3 permet que es puguin donar d\u2019alta nous Leads de manera manual o mitjan\u00e7ant una importaci\u00f3 per fitxer.<br>\r\nLes dades associades als Leads permet la gesti\u00f3 comercial dels mateixos amb l\u2019objectiu de convertir-los en clients. La soluci\u00f3 inclou la funcionalitat de parametritzaci\u00f3 de regles de negoci per a l\u2019assignaci\u00f3 de Leads segons diferents criteris.<\/li>\r\n<li>Gesti\u00f3 d\u2019oportunitats: la soluci\u00f3 gestiona totes les oportunitats de negoci que comportin l\u2019enviament al client potencial o Lead d\u2019ofertes i pressupostos. A m\u00e9s, la soluci\u00f3 contempla l\u2019estat de cada oportunitat.<\/li>\r\n<li>Accions o tasques comercials: la soluci\u00f3 ofereix la possibilitat de crear accions i tasques comercials, tant de manera manual com autom\u00e0tica.<\/li>\r\n<li>Reporting, planificaci\u00f3 i seguiment comercial: la soluci\u00f3 ofereix solucions de seguiment mitjan\u00e7ant indicadors (KPI\u00b4s),i altres, amb diferents nivells d\u2019agregaci\u00f3 d\u2019informaci\u00f3 en funci\u00f3 del perfil de l\u2019usuari de la soluci\u00f3. Genera informes per al seguiment i monitoratge de l\u2019activitat comercial.<\/li>\r\n<li>Alertes: la soluci\u00f3 permet visualitzar Alertes de Clients en format gr\u00e0fic de diferent tipologia (icones, missatges emergents, etc.).<\/li>\r\n<li>Gesti\u00f3 documental: la soluci\u00f3 inclou un programari per a la gesti\u00f3 centralitzada de la documentaci\u00f3, capa\u00e7 d\u2019inserir i\/o vincular documents tan relatius a l\u2019activitat comercial, com els proporcionats pels mateixos clients.<\/li>\r\n<li>Disseny Responsive: la interf\u00edcie de la soluci\u00f3 \u00e9s responsive, \u00e9s a dir, s\u2019adapta per a ser funcional en tota mena de dispositius.<\/li>\r\n<li>Integraci\u00f3 amb diverses plataformes: disponibilitat de APIs o Web Services per a la consolidaci\u00f3 de la informaci\u00f3 i dades de tota l\u2019empresa.<\/li>\r\n<\/ul>\r\n<\/td>\r\n<\/tr>\r\n<\/tbody>\r\n<\/table>\t\t\t\t\t\t <\/div>\r\n\t\t\t\t\t\t\t\t\t\t\t\t <div role=\"tabpanel\" class=\"tab-pane \" id=\"tabs_desc_1309_2\">\r\n\t\t\t\t\t\t\t\t<table>\r\n<thead>\r\n<tr>\r\n<td colspan=\"5\"><strong style=\"color: #333333\">GESTI\u00d3 DE PROCESSOS<\/strong>\r\nDigitalitzar i\/o automatitzar processos de negoci relacionats amb els aspectes operatius o productius de les empreses benefici\u00e0ries.<\/td>\r\n<\/tr>\r\n<tr>\r\n<td><strong>Soluci\u00f3<\/strong><\/td>\r\n<td><strong>Sector\/ \u00c0mbit<\/strong><\/td>\r\n<td><strong>Preus del servei<\/strong><\/td>\r\n<td><strong>Qu\u00e8 inclou?<\/strong><\/td>\r\n<\/tr>\r\n<\/thead>\r\n<tbody>\r\n<tr>\r\n<td>Modelat i digitalitzaci\u00f3 per l\u2019automatitzaci\u00f3 de processos empresarials<\/td>\r\n<td>Automatitzaci\u00f3 de processos de negoci.<\/td>\r\n<td>A partir de 6.000\u20ac<\/td>\r\n<td>Setup i configuraci\u00f3: parametritzaci\u00f3 per la definici\u00f3 de les particularitats dels processos de negoci, aix\u00ed com per la c\u00e0rrega de dades.<\/td>\r\n<\/tr>\r\n<\/tbody>\r\n<thead>\r\n<tr>\r\n<td colspan=\"5\"><strong>Descripci\u00f3 del servei<\/strong><\/td>\r\n<\/tr>\r\n<\/thead>\r\n<tbody>\r\n<tr>\r\n<td colspan=\"5\">Proc\u00e9s essencial per a la posterior implantaci\u00f3 i desplegament de la soluci\u00f3 de digitalitzaci\u00f3 que proporciona les funcionalitats i serveis que es detallen a continuaci\u00f3:\r\n<ul>\r\n \t<li>Digitalitzaci\u00f3 i\/o automatitzaci\u00f3 de processos i fluxos de treball: La soluci\u00f3 haur\u00e0 de permetre la digitalitzaci\u00f3 i\/o automatitzaci\u00f3 de processos integrals (horitzontals o verticals) com ara:\r\n<ul>\r\n \t<li>Comptabilitat\/finances: comptes per cobrar\/per pagar, gesti\u00f3 d\u2019actius i generaci\u00f3 de tancaments i balan\u00e7os, etc.<\/li>\r\n \t<li>Facturaci\u00f3: automatitzaci\u00f3 dels processos de facturaci\u00f3 amb la generaci\u00f3 de pressupostos, albarans i factures. Aquestes solucions hauran d'estar adaptats als requisits de l'article 29.2.j) de la Llei 58\/2003, de 17 de desembre, General Tribut\u00e0ria, i a la seva normativa de desenvolupament.<\/li>\r\n \t<li>Projectes: control de pressupostos, costos, estimacions, optimitzaci\u00f3 dels recursos, etc.<\/li>\r\n \t<li>Inventari: previsi\u00f3, nivells d\u2019estoc, enviaments, distribucions, devolucions i cancel\u00b7lacions, etc.<\/li>\r\n \t<li>Compres i pagaments: gesti\u00f3 de comandes de compra i prove\u00efdors.<\/li>\r\n \t<li>Recursos humans: gesti\u00f3 dels recursos humans, n\u00f2mines, etc.<\/li>\r\n \t<li>Log\u00edstica: gesti\u00f3 de flotes i rutes, entre altres.<\/li>\r\n<\/ul>\r\n<\/li>\r\n<\/ul>\r\nS'ent\u00e9n per soluci\u00f3 horitzontal aquella que agrupa o suporta diversos processos de la cadena de valor de la pime. S'ent\u00e9n per soluci\u00f3 vertical aquella que suporta un \u00fanic proc\u00e9s dins de la cadena de valor de la pime.\r\n<ul>\r\n \t<li>Integraci\u00f3 amb diverses plataformes: la soluci\u00f3 disposa de connectors (APIs\u00a0o Web Services)\u00a0per a la seva integraci\u00f3 amb altres eines.(incl\u00f2s Office 365).<\/li>\r\n \t<li>Actualitzable: la soluci\u00f3 \u00e9s actualitzable amb noves versions.<\/li>\r\n \t<li>Escalable: la soluci\u00f3 permet adaptar-se als possibles creixements o canvis en la vostra estructura empresarial.<\/li>\r\n<\/ul>\r\n<\/td>\r\n<\/tr>\r\n<\/tbody>\r\n<\/table>\t\t\t\t\t\t <\/div>\r\n\t\t\t\t\t\t\t\t\t\t\t\t <div role=\"tabpanel\" class=\"tab-pane \" id=\"tabs_desc_1309_3\">\r\n\t\t\t\t\t\t\t\t<table>\r\n<thead>\r\n<tr>\r\n<td colspan=\"5\"><strong style=\"color: #333333\">BUSINESS INTELLIGENCE I ANAL\u00cdTICA<\/strong><br>\r\nExplotaci\u00f3 de dades de l\u2019empresa per la millora del proc\u00e9s de presa de decisions.<\/td>\r\n<\/tr>\r\n<tr>\r\n<td><strong>Soluci\u00f3<\/strong><\/td>\r\n<td><strong>Sector\/ \u00c0mbit<\/strong><\/td>\r\n<td><strong>Preus del servei<\/strong><\/td>\r\n<td><strong>Qu\u00e8 inclou?<\/strong><\/td>\r\n<\/tr>\r\n<\/thead>\r\n<tbody>\r\n<tr>\r\n<td>An\u00e0lisi avan\u00e7at amb mineria de processos<\/td>\r\n<td><\/td>\r\n<td>A partir de 15.000\u20ac<\/td>\r\n<td>Setup i configuraci\u00f3: parametritzaci\u00f3 per la definici\u00f3 de les particularitats dels processos de negoci, aix\u00ed com per la c\u00e0rrega de dades.<\/td>\r\n<\/tr>\r\n<\/tbody>\r\n<thead>\r\n<tr>\r\n<td colspan=\"5\"><strong>Descripci\u00f3 del servei<\/strong><\/td>\r\n<\/tr>\r\n<\/thead>\r\n<tbody>\r\n<tr>\r\n<td colspan=\"5\">Proc\u00e9s essencial per a la posterior implantaci\u00f3 i desplegament de la <strong><u>soluci\u00f3 d\u2019an\u00e0lisi de mineria de processos<\/u><\/strong> que proporciona les funcionalitats i serveis que es<br>\r\ndetallen a continuaci\u00f3:<p><\/p>\r\n<ul>\r\n<li>Integraci\u00f3 de dades amb altres bases de dades: la soluci\u00f3 permet l\u2019acc\u00e9s a altres bases de dades i la c\u00e0rrega de dades en temps real.<\/li>\r\n<li>Emmagatzematge de dades: la soluci\u00f3 proveeix la capacitat d\u2019emmagatzematge com a m\u00ednim d\u20191 GB per usuari.<\/li>\r\n<li>Creaci\u00f3 de panells de dades estructurades i visuals: la soluci\u00f3 permet crear mapes de processos i panells de dades personalitzades amb dades rellevants i diferents formes de visualitzaci\u00f3.<\/li>\r\n<li>Exportaci\u00f3 de dades: la soluci\u00f3 permetr\u00e0 exportaci\u00f3 de dades a imatges o a documents d\u2019Excel, creant sinergies i compatibilitats amb diferents programes d\u2019\u00fas com\u00fa per als usuaris.<\/li>\r\n<\/ul>\r\n<p>Consulta el post relacionat <a href=\"https:\/\/iterem.com\/ca\/mineria-de-processos-deixa-que-les-dades-parlin\/\" target=\"_blank\" rel=\"noopener\">Mineria de processos, deixa que les dades parlin<\/a><\/p><\/td>\r\n<\/tr>\r\n<\/tbody>\r\n<\/table>\t\t\t\t\t\t <\/div>\r\n\t\t\t\t\t\t\t\r\n\t\t\t\t\t <\/div>\r\n\t\t\t\t\t \r\n\t\t\t\t <\/div>\r\n <script>\r\n\t\tjQuery(function () {\r\n\t\t\tjQuery('#myTab_1309 a:first').tab('show')\r\n\t\t});\r\n\t\t\r\n\t\t\t\tjQuery(function(){\r\n\t\t\tvar b=\"fadeIn\";\r\n\t\t\tvar c;\r\n\t\t\tvar a;\r\n\t\t\td(jQuery(\"#myTab_1309 a\"),jQuery(\"#tab-content_1309\"));function d(e,f,g){\r\n\t\t\t\te.click(function(i){\r\n\t\t\t\t\ti.preventDefault();\r\n\t\t\t\t\tjQuery(this).tab(\"show\");\r\n\t\t\t\t\tvar h=jQuery(this).data(\"easein\");\r\n\t\t\t\t\tif(c){c.removeClass(a);}\r\n\t\t\t\t\tif(h){f.find(\"div.active\").addClass(\"animated \"+h);a=h;}\r\n\t\t\t\t\telse{if(g){f.find(\"div.active\").addClass(\"animated \"+g);a=g;}else{f.find(\"div.active\").addClass(\"animated \"+b);a=b;}}c=f.find(\"div.active\");\r\n\t\t\t\t});\r\n\t\t\t}\r\n\t\t});\r\n\t\t\r\n\r\n\t\tfunction do_resize(){\r\n\r\n\t\t\tvar width=jQuery( '.tab-content .tab-pane iframe' ).width();\r\n\t\t\tvar height=jQuery( '.tab-content .tab-pane iframe' ).height();\r\n\r\n\t\t\tvar toggleSize = true;\r\n\t\t\tjQuery('iframe').animate({\r\n\t\t\t    width: toggleSize ? width : 640,\r\n\t\t\t    height: toggleSize ? height : 360\r\n\t\t\t  }, 250);\r\n\r\n\t\t\t  toggleSize = !toggleSize;\r\n\t\t}\r\n\r\n\r\n\t<\/script>\r\n\t\t\t\t\r\n\t\t\t\n<h4><a href=\"#blahlab-widget-contact-details-11\"> Contacta\u2019ns per m\u00e9s informaci\u00f3 <i class=\"fa fa-comments\"><\/i><\/a><\/h4>\n<div class=\"mod modIconText moveup appear large-6 columns bg-kit\" data-delay=\"0\" data-connectors=\"1\">\n<div class=\"icon-text-advanced\"><a href=\"https:\/\/www.acelerapyme.gob.es\/kit-digital\" target=\"_blank\" rel=\"noopener\"><i class=\"fa fa-gift\" style=\"margin-bottom: 0; margin-right: 15px;\"><\/i>Coneix el Programa Kit digital<\/a><\/div>\n<\/div>\n<div class=\"mod modIconText moveup appear large-6 columns bg-kit\" data-delay=\"0\" data-connectors=\"1\">\n<div class=\"icon-text-advanced\"><a href=\"https:\/\/acelerapyme.gob.es\/sites\/acelerapyme\/files\/2022-01\/Kit_Digital_Gui%CC%81a_pymes_13-01-22.pdf\" target=\"_blank\" rel=\"noopener\"><i class=\"fa fa-book\" style=\"margin-bottom: 0; margin-right: 15px;\"><\/i>Guia del beneficiari<\/a><\/div>\n<\/div>","protected":false},"excerpt":{"rendered":"<p class=\"excerpt\">El programa Kit Digital \u00e9s una iniciativa del Govern d&#8217;Espanya dins del Pla de Recuperaci\u00f3, Transformaci\u00f3 i Resili\u00e8ncia finan\u00e7at per la Uni\u00f3 Europea-Next Generation EU. FINS A 29.000\u20ac PER IMPULSAR <\/p>\n","protected":false},"author":3,"featured_media":0,"parent":0,"menu_order":0,"comment_status":"closed","ping_status":"closed","template":"","meta":[],"_links":{"self":[{"href":"https:\/\/iterem.com\/ca\/wp-json\/wp\/v2\/pages\/1239"}],"collection":[{"href":"https:\/\/iterem.com\/ca\/wp-json\/wp\/v2\/pages"}],"about":[{"href":"https:\/\/iterem.com\/ca\/wp-json\/wp\/v2\/types\/page"}],"author":[{"embeddable":true,"href":"https:\/\/iterem.com\/ca\/wp-json\/wp\/v2\/users\/3"}],"replies":[{"embeddable":true,"href":"https:\/\/iterem.com\/ca\/wp-json\/wp\/v2\/comments?post=1239"}],"version-history":[{"count":37,"href":"https:\/\/iterem.com\/ca\/wp-json\/wp\/v2\/pages\/1239\/revisions"}],"predecessor-version":[{"id":1976,"href":"https:\/\/iterem.com\/ca\/wp-json\/wp\/v2\/pages\/1239\/revisions\/1976"}],"wp:attachment":[{"href":"https:\/\/iterem.com\/ca\/wp-json\/wp\/v2\/media?parent=1239"}],"curies":[{"name":"wp","href":"https:\/\/api.w.org\/{rel}","templated":true}]}}